{"id":2141,"date":"2022-09-22T11:33:25","date_gmt":"2022-09-22T09:33:25","guid":{"rendered":"https:\/\/kurhaus.ab-healthmedia.com\/schonende-veraenderung-mit-komposit\/"},"modified":"2023-01-09T13:32:10","modified_gmt":"2023-01-09T12:32:10","slug":"schonende-veraenderung-mit-komposit","status":"publish","type":"page","link":"https:\/\/www.zahnaerzte-am-kurhaus.de\/en\/schonende-veraenderung-mit-komposit\/","title":{"rendered":"Schonende Ver\u00e4nderung mit Komposit"},"content":{"rendered":"<h1>Farben und Charakteristika \u2013 individuell geschichtet<\/h1>\n<p>Die nat\u00fcrliche Wirkung unserer Z\u00e4hne entsteht durch die Harmonie sehr unterschiedlicher Effekte: Lichtdurchl\u00e4ssigkeiten, Schmelzrisse, unterschiedliche Opazit\u00e4ten und vielerlei Farbnuancen bestimmen ebenso wie Form und Proportion die \u00e4sthetische Wahrnehmung.<\/p>\n<p>Moderne keramikgef\u00fcllte Kompositmaterialien erlauben eine schichtweise Rekonstruktion dieser Merkmale und erm\u00f6glichen es, Hohlr\u00e4ume oder verloren gegangene Zahnsubstanz \u201eunsichtbar\u201c wieder aufzubauen. Hierzu stehen eine Vielzahl von Farbschattierungen mit unterschiedlicher Lichtdurchl\u00e4ssigkeit und Farbs\u00e4ttigung zur Verf\u00fcgung.<\/p>\n<p>Im folgenden Beispiel wurden, nach einem Bleaching, alle Schneide- und Eckz\u00e4hne mit Komposit in\u00a0 Schichttechnik aufgebaut. Die mittleren Schneidez\u00e4hne wurden vorg\u00e4ngig geringf\u00fcgig verschm\u00e4lert.<\/p>\n<p><img loading=\"lazy\" decoding=\"async\" class=\"alignnone size-medium wp-image-1273\" src=\"https:\/\/www.zahnaerzte-am-kurhaus.de\/wp-content\/uploads\/2022\/09\/wagner111-1-300x142.jpeg\" alt=\"komposit vorher\" width=\"300\" height=\"142\" \/> <img loading=\"lazy\" decoding=\"async\" class=\"alignnone size-medium wp-image-1274\" src=\"https:\/\/www.zahnaerzte-am-kurhaus.de\/wp-content\/uploads\/2022\/09\/wagner31-1-300x143.jpeg\" alt=\"komposit nachher\" width=\"300\" height=\"143\" \/><\/p>\n<p><img loading=\"lazy\" decoding=\"async\" class=\"alignnone size-medium wp-image-1275\" src=\"https:\/\/www.zahnaerzte-am-kurhaus.de\/wp-content\/uploads\/2022\/09\/wagner2-1-300x200.jpeg\" alt=\"komposit vorher\" width=\"300\" height=\"200\" \/> <img loading=\"lazy\" decoding=\"async\" class=\"alignnone size-medium wp-image-1276\" src=\"https:\/\/www.zahnaerzte-am-kurhaus.de\/wp-content\/uploads\/2022\/09\/wagner-1-300x200.jpeg\" alt=\"komposit nachher\" width=\"300\" height=\"200\" \/><\/p>\n<p>Im Laufe des Lebens kommt es h\u00e4ufig zu Zahnwanderungen. Durch geschickte Kombination von abtragenden und aufbauenden Techniken kann eine ideale Zahnstellung wiederhergestellt werden. Unten sehen Sie das Beispiel einer schonenden Umformung im Unterkiefer:<\/p>\n<p><img loading=\"lazy\" decoding=\"async\" class=\"alignnone size-medium wp-image-1278\" src=\"https:\/\/www.zahnaerzte-am-kurhaus.de\/wp-content\/uploads\/2022\/09\/img_2210a-1-300x200.jpeg\" alt=\"\" width=\"300\" height=\"200\" \/> <img loading=\"lazy\" decoding=\"async\" class=\"alignnone size-medium wp-image-1277\" src=\"https:\/\/www.zahnaerzte-am-kurhaus.de\/wp-content\/uploads\/2022\/09\/img_2214a-1-300x200.jpeg\" alt=\"\" width=\"300\" height=\"200\" \/><\/p>\n<p>Vorher\u00a0 \u00a0 \u00a0 \u00a0 \u00a0 \u00a0 \u00a0 \u00a0 \u00a0 \u00a0 \u00a0 \u00a0 \u00a0 \u00a0 \u00a0 \u00a0 \u00a0 \u00a0 \u00a0 \u00a0 \u00a0 \u00a0 \u00a0 \u00a0 \u00a0 \u00a0 \u00a0 \u00a0 \u00a0 \u00a0 \u00a0 \u00a0 \u00a0 \u00a0Nachher<\/p>\n<p>&nbsp;<\/p>\n<p>&nbsp;<\/p>\n","protected":false},"excerpt":{"rendered":"<p>Farben und Charakteristika \u2013 individuell geschichtet Die nat\u00fcrliche Wirkung unserer Z\u00e4hne entsteht durch die Harmonie sehr unterschiedlicher Effekte: Lichtdurchl\u00e4ssigkeiten, Schmelzrisse, unterschiedliche Opazit\u00e4ten und vielerlei Farbnuancen bestimmen ebenso wie Form und Proportion die \u00e4sthetische Wahrnehmung. Moderne keramikgef\u00fcllte Kompositmaterialien erlauben eine schichtweise Rekonstruktion dieser Merkmale und erm\u00f6glichen es, Hohlr\u00e4ume oder verloren gegangene Zahnsubstanz \u201eunsichtbar\u201c wieder aufzubauen. Hierzu [&hellip;]<\/p>\n","protected":false},"author":3,"featured_media":2018,"parent":0,"menu_order":0,"comment_status":"closed","ping_status":"closed","template":"","meta":{"_acf_changed":false,"footnotes":""},"class_list":["post-2141","page","type-page","status-publish","has-post-thumbnail","hentry"],"acf":[],"yoast_head":"<!-- This site is optimized with the Yoast SEO plugin v26.6 - https:\/\/yoast.com\/wordpress\/plugins\/seo\/ -->\n<title>Schonende Ver\u00e4nderung mit Komposit - Zahn\u00e4rzte am Kurhaus | Wiesbaden<\/title>\n<meta name=\"robots\" content=\"index, follow, max-snippet:-1, max-image-preview:large, max-video-preview:-1\" \/>\n<link rel=\"canonical\" href=\"https:\/\/www.zahnaerzte-am-kurhaus.de\/schonende-veraenderung-mit-komposit\/\" \/>\n<meta property=\"og:locale\" content=\"en_US\" \/>\n<meta property=\"og:type\" content=\"article\" \/>\n<meta property=\"og:title\" content=\"Schonende Ver\u00e4nderung mit Komposit - Zahn\u00e4rzte am Kurhaus | Wiesbaden\" \/>\n<meta property=\"og:description\" content=\"Farben und Charakteristika \u2013 individuell geschichtet Die nat\u00fcrliche Wirkung unserer Z\u00e4hne entsteht durch die Harmonie sehr unterschiedlicher Effekte: Lichtdurchl\u00e4ssigkeiten, Schmelzrisse, unterschiedliche Opazit\u00e4ten und vielerlei Farbnuancen bestimmen ebenso wie Form und Proportion die \u00e4sthetische Wahrnehmung. Moderne keramikgef\u00fcllte Kompositmaterialien erlauben eine schichtweise Rekonstruktion dieser Merkmale und erm\u00f6glichen es, Hohlr\u00e4ume oder verloren gegangene Zahnsubstanz \u201eunsichtbar\u201c wieder aufzubauen. Hierzu [&hellip;]\" \/>\n<meta property=\"og:url\" content=\"https:\/\/www.zahnaerzte-am-kurhaus.de\/schonende-veraenderung-mit-komposit\/\" \/>\n<meta property=\"og:site_name\" content=\"Zahn\u00e4rzte am Kurhaus | Wiesbaden\" \/>\n<meta property=\"article:modified_time\" content=\"2023-01-09T12:32:10+00:00\" \/>\n<meta property=\"og:image\" content=\"https:\/\/www.zahnaerzte-am-kurhaus.de\/wp-content\/uploads\/2022\/10\/background-kurhaus.jpg\" \/>\n\t<meta property=\"og:image:width\" content=\"1980\" \/>\n\t<meta property=\"og:image:height\" content=\"691\" \/>\n\t<meta property=\"og:image:type\" content=\"image\/jpeg\" \/>\n<meta name=\"twitter:card\" content=\"summary_large_image\" \/>\n<meta name=\"twitter:label1\" content=\"Est. reading time\" \/>\n\t<meta name=\"twitter:data1\" content=\"2 minutes\" \/>\n<script type=\"application\/ld+json\" class=\"yoast-schema-graph\">{\"@context\":\"https:\/\/schema.org\",\"@graph\":[{\"@type\":\"WebPage\",\"@id\":\"https:\/\/www.zahnaerzte-am-kurhaus.de\/schonende-veraenderung-mit-komposit\/\",\"url\":\"https:\/\/www.zahnaerzte-am-kurhaus.de\/schonende-veraenderung-mit-komposit\/\",\"name\":\"Schonende Ver\u00e4nderung mit Komposit - Zahn\u00e4rzte am Kurhaus | Wiesbaden\",\"isPartOf\":{\"@id\":\"https:\/\/www.zahnaerzte-am-kurhaus.de\/#website\"},\"primaryImageOfPage\":{\"@id\":\"https:\/\/www.zahnaerzte-am-kurhaus.de\/schonende-veraenderung-mit-komposit\/#primaryimage\"},\"image\":{\"@id\":\"https:\/\/www.zahnaerzte-am-kurhaus.de\/schonende-veraenderung-mit-komposit\/#primaryimage\"},\"thumbnailUrl\":\"https:\/\/www.zahnaerzte-am-kurhaus.de\/wp-content\/uploads\/2022\/10\/background-kurhaus.jpg\",\"datePublished\":\"2022-09-22T09:33:25+00:00\",\"dateModified\":\"2023-01-09T12:32:10+00:00\",\"breadcrumb\":{\"@id\":\"https:\/\/www.zahnaerzte-am-kurhaus.de\/schonende-veraenderung-mit-komposit\/#breadcrumb\"},\"inLanguage\":\"en-US\",\"potentialAction\":[{\"@type\":\"ReadAction\",\"target\":[\"https:\/\/www.zahnaerzte-am-kurhaus.de\/schonende-veraenderung-mit-komposit\/\"]}]},{\"@type\":\"ImageObject\",\"inLanguage\":\"en-US\",\"@id\":\"https:\/\/www.zahnaerzte-am-kurhaus.de\/schonende-veraenderung-mit-komposit\/#primaryimage\",\"url\":\"https:\/\/www.zahnaerzte-am-kurhaus.de\/wp-content\/uploads\/2022\/10\/background-kurhaus.jpg\",\"contentUrl\":\"https:\/\/www.zahnaerzte-am-kurhaus.de\/wp-content\/uploads\/2022\/10\/background-kurhaus.jpg\",\"width\":1980,\"height\":691},{\"@type\":\"BreadcrumbList\",\"@id\":\"https:\/\/www.zahnaerzte-am-kurhaus.de\/schonende-veraenderung-mit-komposit\/#breadcrumb\",\"itemListElement\":[{\"@type\":\"ListItem\",\"position\":1,\"name\":\"Startseite\",\"item\":\"https:\/\/www.zahnaerzte-am-kurhaus.de\/en\/\"},{\"@type\":\"ListItem\",\"position\":2,\"name\":\"Schonende Ver\u00e4nderung mit Komposit\"}]},{\"@type\":\"WebSite\",\"@id\":\"https:\/\/www.zahnaerzte-am-kurhaus.de\/#website\",\"url\":\"https:\/\/www.zahnaerzte-am-kurhaus.de\/\",\"name\":\"Zahn\u00e4rzte am Kurhaus | Wiesbaden\",\"description\":\"\",\"potentialAction\":[{\"@type\":\"SearchAction\",\"target\":{\"@type\":\"EntryPoint\",\"urlTemplate\":\"https:\/\/www.zahnaerzte-am-kurhaus.de\/?s={search_term_string}\"},\"query-input\":{\"@type\":\"PropertyValueSpecification\",\"valueRequired\":true,\"valueName\":\"search_term_string\"}}],\"inLanguage\":\"en-US\"}]}<\/script>\n<!-- \/ Yoast SEO plugin. -->","yoast_head_json":{"title":"Schonende Ver\u00e4nderung mit Komposit - Zahn\u00e4rzte am Kurhaus | Wiesbaden","robots":{"index":"index","follow":"follow","max-snippet":"max-snippet:-1","max-image-preview":"max-image-preview:large","max-video-preview":"max-video-preview:-1"},"canonical":"https:\/\/www.zahnaerzte-am-kurhaus.de\/schonende-veraenderung-mit-komposit\/","og_locale":"en_US","og_type":"article","og_title":"Schonende Ver\u00e4nderung mit Komposit - Zahn\u00e4rzte am Kurhaus | Wiesbaden","og_description":"Farben und Charakteristika \u2013 individuell geschichtet Die nat\u00fcrliche Wirkung unserer Z\u00e4hne entsteht durch die Harmonie sehr unterschiedlicher Effekte: Lichtdurchl\u00e4ssigkeiten, Schmelzrisse, unterschiedliche Opazit\u00e4ten und vielerlei Farbnuancen bestimmen ebenso wie Form und Proportion die \u00e4sthetische Wahrnehmung. Moderne keramikgef\u00fcllte Kompositmaterialien erlauben eine schichtweise Rekonstruktion dieser Merkmale und erm\u00f6glichen es, Hohlr\u00e4ume oder verloren gegangene Zahnsubstanz \u201eunsichtbar\u201c wieder aufzubauen. Hierzu [&hellip;]","og_url":"https:\/\/www.zahnaerzte-am-kurhaus.de\/schonende-veraenderung-mit-komposit\/","og_site_name":"Zahn\u00e4rzte am Kurhaus | Wiesbaden","article_modified_time":"2023-01-09T12:32:10+00:00","og_image":[{"width":1980,"height":691,"url":"https:\/\/www.zahnaerzte-am-kurhaus.de\/wp-content\/uploads\/2022\/10\/background-kurhaus.jpg","type":"image\/jpeg"}],"twitter_card":"summary_large_image","twitter_misc":{"Est. reading time":"2 minutes"},"schema":{"@context":"https:\/\/schema.org","@graph":[{"@type":"WebPage","@id":"https:\/\/www.zahnaerzte-am-kurhaus.de\/schonende-veraenderung-mit-komposit\/","url":"https:\/\/www.zahnaerzte-am-kurhaus.de\/schonende-veraenderung-mit-komposit\/","name":"Schonende Ver\u00e4nderung mit Komposit - Zahn\u00e4rzte am Kurhaus | Wiesbaden","isPartOf":{"@id":"https:\/\/www.zahnaerzte-am-kurhaus.de\/#website"},"primaryImageOfPage":{"@id":"https:\/\/www.zahnaerzte-am-kurhaus.de\/schonende-veraenderung-mit-komposit\/#primaryimage"},"image":{"@id":"https:\/\/www.zahnaerzte-am-kurhaus.de\/schonende-veraenderung-mit-komposit\/#primaryimage"},"thumbnailUrl":"https:\/\/www.zahnaerzte-am-kurhaus.de\/wp-content\/uploads\/2022\/10\/background-kurhaus.jpg","datePublished":"2022-09-22T09:33:25+00:00","dateModified":"2023-01-09T12:32:10+00:00","breadcrumb":{"@id":"https:\/\/www.zahnaerzte-am-kurhaus.de\/schonende-veraenderung-mit-komposit\/#breadcrumb"},"inLanguage":"en-US","potentialAction":[{"@type":"ReadAction","target":["https:\/\/www.zahnaerzte-am-kurhaus.de\/schonende-veraenderung-mit-komposit\/"]}]},{"@type":"ImageObject","inLanguage":"en-US","@id":"https:\/\/www.zahnaerzte-am-kurhaus.de\/schonende-veraenderung-mit-komposit\/#primaryimage","url":"https:\/\/www.zahnaerzte-am-kurhaus.de\/wp-content\/uploads\/2022\/10\/background-kurhaus.jpg","contentUrl":"https:\/\/www.zahnaerzte-am-kurhaus.de\/wp-content\/uploads\/2022\/10\/background-kurhaus.jpg","width":1980,"height":691},{"@type":"BreadcrumbList","@id":"https:\/\/www.zahnaerzte-am-kurhaus.de\/schonende-veraenderung-mit-komposit\/#breadcrumb","itemListElement":[{"@type":"ListItem","position":1,"name":"Startseite","item":"https:\/\/www.zahnaerzte-am-kurhaus.de\/en\/"},{"@type":"ListItem","position":2,"name":"Schonende Ver\u00e4nderung mit Komposit"}]},{"@type":"WebSite","@id":"https:\/\/www.zahnaerzte-am-kurhaus.de\/#website","url":"https:\/\/www.zahnaerzte-am-kurhaus.de\/","name":"Zahn\u00e4rzte am Kurhaus | Wiesbaden","description":"","potentialAction":[{"@type":"SearchAction","target":{"@type":"EntryPoint","urlTemplate":"https:\/\/www.zahnaerzte-am-kurhaus.de\/?s={search_term_string}"},"query-input":{"@type":"PropertyValueSpecification","valueRequired":true,"valueName":"search_term_string"}}],"inLanguage":"en-US"}]}},"_links":{"self":[{"href":"https:\/\/www.zahnaerzte-am-kurhaus.de\/en\/wp-json\/wp\/v2\/pages\/2141","targetHints":{"allow":["GET"]}}],"collection":[{"href":"https:\/\/www.zahnaerzte-am-kurhaus.de\/en\/wp-json\/wp\/v2\/pages"}],"about":[{"href":"https:\/\/www.zahnaerzte-am-kurhaus.de\/en\/wp-json\/wp\/v2\/types\/page"}],"author":[{"embeddable":true,"href":"https:\/\/www.zahnaerzte-am-kurhaus.de\/en\/wp-json\/wp\/v2\/users\/3"}],"replies":[{"embeddable":true,"href":"https:\/\/www.zahnaerzte-am-kurhaus.de\/en\/wp-json\/wp\/v2\/comments?post=2141"}],"version-history":[{"count":1,"href":"https:\/\/www.zahnaerzte-am-kurhaus.de\/en\/wp-json\/wp\/v2\/pages\/2141\/revisions"}],"predecessor-version":[{"id":2156,"href":"https:\/\/www.zahnaerzte-am-kurhaus.de\/en\/wp-json\/wp\/v2\/pages\/2141\/revisions\/2156"}],"wp:featuredmedia":[{"embeddable":true,"href":"https:\/\/www.zahnaerzte-am-kurhaus.de\/en\/wp-json\/wp\/v2\/media\/2018"}],"wp:attachment":[{"href":"https:\/\/www.zahnaerzte-am-kurhaus.de\/en\/wp-json\/wp\/v2\/media?parent=2141"}],"curies":[{"name":"wp","href":"https:\/\/api.w.org\/{rel}","templated":true}]}}