{"version":"1.0","provider_name":"Zahn\u00e4rzte am Kurhaus | Wiesbaden","provider_url":"https:\/\/www.zahnaerzte-am-kurhaus.de\/en\/","author_name":"Colosseum","author_url":"https:\/\/www.zahnaerzte-am-kurhaus.de\/en\/author\/colosseum\/","title":"Schonende Ver\u00e4nderung mit Komposit - Zahn\u00e4rzte am Kurhaus | Wiesbaden","type":"rich","width":600,"height":338,"html":"<blockquote class=\"wp-embedded-content\" data-secret=\"TNx5zxHcve\"><a href=\"https:\/\/www.zahnaerzte-am-kurhaus.de\/en\/schonende-veraenderung-mit-komposit\/\">Schonende Ver\u00e4nderung mit Komposit<\/a><\/blockquote><iframe sandbox=\"allow-scripts\" security=\"restricted\" src=\"https:\/\/www.zahnaerzte-am-kurhaus.de\/en\/schonende-veraenderung-mit-komposit\/embed\/#?secret=TNx5zxHcve\" width=\"600\" height=\"338\" title=\"&#8220;Schonende Ver\u00e4nderung mit Komposit&#8221; &#8212; Zahn\u00e4rzte am Kurhaus | Wiesbaden\" data-secret=\"TNx5zxHcve\" frameborder=\"0\" marginwidth=\"0\" marginheight=\"0\" scrolling=\"no\" class=\"wp-embedded-content\"><\/iframe><script type=\"text\/javascript\">\n\/* <![CDATA[ *\/\n\/*! This file is auto-generated *\/\n!function(d,l){\"use strict\";l.querySelector&&d.addEventListener&&\"undefined\"!=typeof URL&&(d.wp=d.wp||{},d.wp.receiveEmbedMessage||(d.wp.receiveEmbedMessage=function(e){var t=e.data;if((t||t.secret||t.message||t.value)&&!\/[^a-zA-Z0-9]\/.test(t.secret)){for(var s,r,n,a=l.querySelectorAll('iframe[data-secret=\"'+t.secret+'\"]'),o=l.querySelectorAll('blockquote[data-secret=\"'+t.secret+'\"]'),c=new RegExp(\"^https?:$\",\"i\"),i=0;i<o.length;i++)o[i].style.display=\"none\";for(i=0;i<a.length;i++)s=a[i],e.source===s.contentWindow&&(s.removeAttribute(\"style\"),\"height\"===t.message?(1e3<(r=parseInt(t.value,10))?r=1e3:~~r<200&&(r=200),s.height=r):\"link\"===t.message&&(r=new URL(s.getAttribute(\"src\")),n=new URL(t.value),c.test(n.protocol))&&n.host===r.host&&l.activeElement===s&&(d.top.location.href=t.value))}},d.addEventListener(\"message\",d.wp.receiveEmbedMessage,!1),l.addEventListener(\"DOMContentLoaded\",function(){for(var e,t,s=l.querySelectorAll(\"iframe.wp-embedded-content\"),r=0;r<s.length;r++)(t=(e=s[r]).getAttribute(\"data-secret\"))||(t=Math.random().toString(36).substring(2,12),e.src+=\"#?secret=\"+t,e.setAttribute(\"data-secret\",t)),e.contentWindow.postMessage({message:\"ready\",secret:t},\"*\")},!1)))}(window,document);\n\/\/# sourceURL=https:\/\/www.zahnaerzte-am-kurhaus.de\/wp-includes\/js\/wp-embed.min.js\n\/* ]]> *\/\n<\/script>\n","thumbnail_url":"https:\/\/www.zahnaerzte-am-kurhaus.de\/wp-content\/uploads\/2022\/10\/background-kurhaus.jpg","thumbnail_width":1980,"thumbnail_height":691,"description":"Farben und Charakteristika \u2013 individuell geschichtet Die nat\u00fcrliche Wirkung unserer Z\u00e4hne entsteht durch die Harmonie sehr unterschiedlicher Effekte: Lichtdurchl\u00e4ssigkeiten, Schmelzrisse, unterschiedliche Opazit\u00e4ten und vielerlei Farbnuancen bestimmen ebenso wie Form und Proportion die \u00e4sthetische Wahrnehmung. Moderne keramikgef\u00fcllte Kompositmaterialien erlauben eine schichtweise Rekonstruktion dieser Merkmale und erm\u00f6glichen es, Hohlr\u00e4ume oder verloren gegangene Zahnsubstanz \u201eunsichtbar\u201c wieder aufzubauen. Hierzu [&hellip;]"}